{"id":468,"date":"2019-10-16T01:22:38","date_gmt":"2019-10-15T23:22:38","guid":{"rendered":"http:\/\/ftavvocati.it\/?page_id=468"},"modified":"2023-03-06T11:46:38","modified_gmt":"2023-03-06T10:46:38","slug":"il-contratto-internazionale-di-distribuzione","status":"publish","type":"page","link":"https:\/\/ftavvocati.it\/index.php\/il-contratto-internazionale-di-distribuzione\/","title":{"rendered":"Il contratto internazionale di distribuzione"},"content":{"rendered":"<p style=\"text-align: justify;\">In questa sezione sono pubblicati gli articoli relativi ai contratti di distribuzione all&#8217;estero (paesi UE ed extra UE), che sono tratti da casi simili a quelli seguiti da <strong>FTA avvocati<\/strong>.<\/p>\r\n<div class=\"pt-cv-wrapper\"><div class=\"pt-cv-view pt-cv-grid pt-cv-colsys\" id=\"pt-cv-view-328703dln7\"><div data-id=\"pt-cv-page-1\" class=\"pt-cv-page\" data-cvc=\"4\"><div class=\"col-md-3 col-sm-6 col-xs-12 pt-cv-content-item pt-cv-1-col\" ><div class='pt-cv-ifield'><a href=\"https:\/\/ftavvocati.it\/index.php\/2020\/06\/26\/9-impatto-del-coronavirus-sui-contratti-di-distribuzione\/\" class=\"_self pt-cv-href-thumbnail pt-cv-thumb-default\" target=\"_self\" ><\/a>\n<h4 class=\"pt-cv-title\"><a href=\"https:\/\/ftavvocati.it\/index.php\/2020\/06\/26\/9-impatto-del-coronavirus-sui-contratti-di-distribuzione\/\" class=\"_self\" target=\"_self\" >9. Impatto del Coronavirus sui contratti di distribuzione<\/a><\/h4>\n<div class=\"pt-cv-content\">Il Coronavirus sta provocando ripercussioni anche nei rapporti contrattuali ed in particolare nei contratti di distribuzione, sia a livello internazionale, ...<br \/><a href=\"https:\/\/ftavvocati.it\/index.php\/2020\/06\/26\/9-impatto-del-coronavirus-sui-contratti-di-distribuzione\/\" class=\"_self pt-cv-readmore btn btn-success\" target=\"_self\">Leggi Tutto<\/a><\/div><\/div><\/div>\n<div class=\"col-md-3 col-sm-6 col-xs-12 pt-cv-content-item pt-cv-1-col\" ><div class='pt-cv-ifield'><a href=\"https:\/\/ftavvocati.it\/index.php\/2019\/10\/14\/8-il-caso-nike-e-la-condanna-della-commissione-europea\/\" class=\"_self pt-cv-href-thumbnail pt-cv-thumb-default\" target=\"_self\" ><\/a>\n<h4 class=\"pt-cv-title\"><a href=\"https:\/\/ftavvocati.it\/index.php\/2019\/10\/14\/8-il-caso-nike-e-la-condanna-della-commissione-europea\/\" class=\"_self\" target=\"_self\" >8. Il caso NIKE e la condanna della Commissione europea<\/a><\/h4>\n<div class=\"pt-cv-content\">Il caso NIKE e la condanna della Commissione europea per restrizione delle vendite transfrontaliere di prodotti di merchandising Con la ...<br \/><a href=\"https:\/\/ftavvocati.it\/index.php\/2019\/10\/14\/8-il-caso-nike-e-la-condanna-della-commissione-europea\/\" class=\"_self pt-cv-readmore btn btn-success\" target=\"_self\">Leggi Tutto<\/a><\/div><\/div><\/div>\n<div class=\"col-md-3 col-sm-6 col-xs-12 pt-cv-content-item pt-cv-1-col\" ><div class='pt-cv-ifield'><a href=\"https:\/\/ftavvocati.it\/index.php\/2019\/10\/14\/7-invalida-lindicazione-del-foro-competente-allinterno-della-fattura\/\" class=\"_self pt-cv-href-thumbnail pt-cv-thumb-default\" target=\"_self\" ><\/a>\n<h4 class=\"pt-cv-title\"><a href=\"https:\/\/ftavvocati.it\/index.php\/2019\/10\/14\/7-invalida-lindicazione-del-foro-competente-allinterno-della-fattura\/\" class=\"_self\" target=\"_self\" >7. Invalida l&#8217;indicazione del foro competente all&#8217;interno della fattura<\/a><\/h4>\n<div class=\"pt-cv-content\">Invalida l&#8217;indicazione del foro competente all&#8217;interno della fattura Con la sentenza 8 marzo 2018, C-64\/17, la Corte di giustizia dell\u2019Unione ...<br \/><a href=\"https:\/\/ftavvocati.it\/index.php\/2019\/10\/14\/7-invalida-lindicazione-del-foro-competente-allinterno-della-fattura\/\" class=\"_self pt-cv-readmore btn btn-success\" target=\"_self\">Leggi Tutto<\/a><\/div><\/div><\/div>\n<div class=\"col-md-3 col-sm-6 col-xs-12 pt-cv-content-item pt-cv-1-col\" ><div class='pt-cv-ifield'><a href=\"https:\/\/ftavvocati.it\/index.php\/2019\/10\/14\/6-il-contratto-di-distribuzione-in-spagna\/\" class=\"_self pt-cv-href-thumbnail pt-cv-thumb-default\" target=\"_self\" ><img width=\"300\" height=\"200\" src=\"https:\/\/ftavvocati.it\/wp-content\/uploads\/2019\/10\/Spagna-300x200.png\" class=\"pt-cv-thumbnail\" alt=\"\" decoding=\"async\" loading=\"lazy\" srcset=\"https:\/\/ftavvocati.it\/wp-content\/uploads\/2019\/10\/Spagna-300x200.png 300w, https:\/\/ftavvocati.it\/wp-content\/uploads\/2019\/10\/Spagna-1024x683.png 1024w, https:\/\/ftavvocati.it\/wp-content\/uploads\/2019\/10\/Spagna-768x512.png 768w, https:\/\/ftavvocati.it\/wp-content\/uploads\/2019\/10\/Spagna-600x400.png 600w, https:\/\/ftavvocati.it\/wp-content\/uploads\/2019\/10\/Spagna-1536x1024.png 1536w, https:\/\/ftavvocati.it\/wp-content\/uploads\/2019\/10\/Spagna-2048x1366.png 2048w, https:\/\/ftavvocati.it\/wp-content\/uploads\/2019\/10\/Spagna-900x600.png 900w, https:\/\/ftavvocati.it\/wp-content\/uploads\/2019\/10\/Spagna-1280x854.png 1280w, https:\/\/ftavvocati.it\/wp-content\/uploads\/2019\/10\/Spagna-272x182.png 272w\" sizes=\"(max-width: 300px) 100vw, 300px\" \/><\/a>\n<h4 class=\"pt-cv-title\"><a href=\"https:\/\/ftavvocati.it\/index.php\/2019\/10\/14\/6-il-contratto-di-distribuzione-in-spagna\/\" class=\"_self\" target=\"_self\" >6. Il contratto di distribuzione in Spagna<\/a><\/h4>\n<div class=\"pt-cv-content\">In Spagna il contratto di distribuzione non \u00e8 disciplinato da una specifica legge, ma, secondo la giurisprudenza spagnola, in presenza ...<br \/><a href=\"https:\/\/ftavvocati.it\/index.php\/2019\/10\/14\/6-il-contratto-di-distribuzione-in-spagna\/\" class=\"_self pt-cv-readmore btn btn-success\" target=\"_self\">Leggi Tutto<\/a><\/div><\/div><\/div>\n<div class=\"col-md-3 col-sm-6 col-xs-12 pt-cv-content-item pt-cv-1-col\" ><div class='pt-cv-ifield'><a href=\"https:\/\/ftavvocati.it\/index.php\/2019\/10\/14\/5-il-contratto-di-distribuzione-in-svizzera\/\" class=\"_self pt-cv-href-thumbnail pt-cv-thumb-default\" target=\"_self\" ><img width=\"300\" height=\"300\" src=\"https:\/\/ftavvocati.it\/wp-content\/uploads\/2019\/10\/Svizzera-300x300.png\" class=\"pt-cv-thumbnail\" alt=\"\" decoding=\"async\" loading=\"lazy\" srcset=\"https:\/\/ftavvocati.it\/wp-content\/uploads\/2019\/10\/Svizzera-300x300.png 300w, https:\/\/ftavvocati.it\/wp-content\/uploads\/2019\/10\/Svizzera-1024x1024.png 1024w, https:\/\/ftavvocati.it\/wp-content\/uploads\/2019\/10\/Svizzera-150x150.png 150w, https:\/\/ftavvocati.it\/wp-content\/uploads\/2019\/10\/Svizzera-768x768.png 768w, https:\/\/ftavvocati.it\/wp-content\/uploads\/2019\/10\/Svizzera-1536x1536.png 1536w, https:\/\/ftavvocati.it\/wp-content\/uploads\/2019\/10\/Svizzera-2048x2048.png 2048w, https:\/\/ftavvocati.it\/wp-content\/uploads\/2019\/10\/Svizzera-600x600.png 600w, https:\/\/ftavvocati.it\/wp-content\/uploads\/2019\/10\/Svizzera-88x88.png 88w, https:\/\/ftavvocati.it\/wp-content\/uploads\/2019\/10\/Svizzera-900x900.png 900w, https:\/\/ftavvocati.it\/wp-content\/uploads\/2019\/10\/Svizzera-1280x1280.png 1280w\" sizes=\"(max-width: 300px) 100vw, 300px\" \/><\/a>\n<h4 class=\"pt-cv-title\"><a href=\"https:\/\/ftavvocati.it\/index.php\/2019\/10\/14\/5-il-contratto-di-distribuzione-in-svizzera\/\" class=\"_self\" target=\"_self\" >5. Il contratto di distribuzione in Svizzera<\/a><\/h4>\n<div class=\"pt-cv-content\">In Svizzera il contratto di distribuzione non \u00e8 disciplinato n\u00e9 dal Codice Svizzero delle Obbligazioni, n\u00e9 da altre leggi di ...<br \/><a href=\"https:\/\/ftavvocati.it\/index.php\/2019\/10\/14\/5-il-contratto-di-distribuzione-in-svizzera\/\" class=\"_self pt-cv-readmore btn btn-success\" target=\"_self\">Leggi Tutto<\/a><\/div><\/div><\/div><\/div><\/div>\n<div class=\" pt-cv-pagination-wrapper\"><ul class=\"pt-cv-pagination pt-cv-ajax pagination\" data-totalpages=\"2\" data-currentpage=\"1\" data-sid=\"328703dln7\" data-unid=\"\"><li class=\"active\"><a href=\"#\">1<\/a><\/li>\n\t<li ><a class=\"\" href=\"https:\/\/ftavvocati.it\/index.php\/wp-json\/wp\/v2\/pages\/468\/?_page=2\">2<\/a><\/li>\n\t<li ><a class=\" \" href=\"https:\/\/ftavvocati.it\/index.php\/wp-json\/wp\/v2\/pages\/468\/?_page=2\">&rsaquo;<\/a><\/li>\n\t<\/ul><img width=\"15\" height=\"15\" class=\"pt-cv-spinner\" alt=\"Loading...\" src=\"data:image\/gif;base64,R0lGODlhDwAPALMPAMrKygwMDJOTkz09PZWVla+vr3p6euTk5M7OzuXl5TMzMwAAAJmZmWZmZszMzP\/\/\/yH\/C05FVFNDQVBFMi4wAwEAAAAh+QQFCgAPACwAAAAADwAPAAAEQvDJaZaZOIcV8iQK8VRX4iTYoAwZ4iCYoAjZ4RxejhVNoT+mRGP4cyF4Pp0N98sBGIBMEMOotl6YZ3S61Bmbkm4mAgAh+QQFCgAPACwAAAAADQANAAAENPDJSRSZeA418itN8QiK8BiLITVsFiyBBIoYqnoewAD4xPw9iY4XLGYSjkQR4UAUD45DLwIAIfkEBQoADwAsAAAAAA8ACQAABC\/wyVlamTi3nSdgwFNdhEJgTJoNyoB9ISYoQmdjiZPcj7EYCAeCF1gEDo4Dz2eIAAAh+QQFCgAPACwCAAAADQANAAAEM\/DJBxiYeLKdX3IJZT1FU0iIg2RNKx3OkZVnZ98ToRD4MyiDnkAh6BkNC0MvsAj0kMpHBAAh+QQFCgAPACwGAAAACQAPAAAEMDC59KpFDll73HkAA2wVY5KgiK5b0RRoI6MuzG6EQqCDMlSGheEhUAgqgUUAFRySIgAh+QQFCgAPACwCAAIADQANAAAEM\/DJKZNLND\/kkKaHc3xk+QAMYDKsiaqmZCxGVjSFFCxB1vwy2oOgIDxuucxAMTAJFAJNBAAh+QQFCgAPACwAAAYADwAJAAAEMNAs86q1yaWwwv2Ig0jUZx3OYa4XoRAfwADXoAwfo1+CIjyFRuEho60aSNYlOPxEAAAh+QQFCgAPACwAAAIADQANAAAENPA9s4y8+IUVcqaWJ4qEQozSoAzoIyhCK2NFU2SJk0hNnyEOhKR2AzAAj4Pj4GE4W0bkJQIAOw==\" \/><div class=\"clear pt-cv-clear-pagination\"><\/div><\/div><\/div>\n","protected":false},"excerpt":{"rendered":"<p>In questa sezione sono pubblicati gli articoli relativi ai contratti di distribuzione all&#8217;estero (paesi UE ed extra UE), che sono tratti da casi simili a quelli seguiti da FTA avvocati.<\/p>\n","protected":false},"author":1,"featured_media":0,"parent":0,"menu_order":0,"comment_status":"closed","ping_status":"closed","template":"","meta":[],"yoast_head":"<!-- This site is optimized with the Yoast SEO plugin v20.2.1 - https:\/\/yoast.com\/wordpress\/plugins\/seo\/ -->\n<title>Il contratto internazionale di distribuzione - FTA avvocati<\/title>\n<meta name=\"robots\" content=\"index, follow, max-snippet:-1, max-image-preview:large, max-video-preview:-1\" \/>\n<link rel=\"canonical\" href=\"https:\/\/ftavvocati.it\/index.php\/il-contratto-internazionale-di-distribuzione\/\" \/>\n<meta property=\"og:locale\" content=\"it_IT\" \/>\n<meta property=\"og:type\" content=\"article\" \/>\n<meta property=\"og:title\" content=\"Il contratto internazionale di distribuzione - FTA avvocati\" \/>\n<meta property=\"og:description\" content=\"In questa sezione sono pubblicati gli articoli relativi ai contratti di distribuzione all&#8217;estero (paesi UE ed extra UE), che sono tratti da casi simili a quelli seguiti da FTA avvocati.\" \/>\n<meta property=\"og:url\" content=\"https:\/\/ftavvocati.it\/index.php\/il-contratto-internazionale-di-distribuzione\/\" \/>\n<meta property=\"og:site_name\" content=\"FTA avvocati\" \/>\n<meta property=\"article:modified_time\" content=\"2023-03-06T10:46:38+00:00\" \/>\n<meta name=\"twitter:card\" content=\"summary_large_image\" \/>\n<meta name=\"twitter:label1\" content=\"Tempo di lettura stimato\" \/>\n\t<meta name=\"twitter:data1\" content=\"1 minuto\" \/>\n<script type=\"application\/ld+json\" class=\"yoast-schema-graph\">{\"@context\":\"https:\/\/schema.org\",\"@graph\":[{\"@type\":\"WebPage\",\"@id\":\"https:\/\/ftavvocati.it\/index.php\/il-contratto-internazionale-di-distribuzione\/\",\"url\":\"https:\/\/ftavvocati.it\/index.php\/il-contratto-internazionale-di-distribuzione\/\",\"name\":\"Il contratto internazionale di distribuzione - FTA avvocati\",\"isPartOf\":{\"@id\":\"http:\/\/ftavvocati.it\/#website\"},\"datePublished\":\"2019-10-15T23:22:38+00:00\",\"dateModified\":\"2023-03-06T10:46:38+00:00\",\"breadcrumb\":{\"@id\":\"https:\/\/ftavvocati.it\/index.php\/il-contratto-internazionale-di-distribuzione\/#breadcrumb\"},\"inLanguage\":\"it-IT\",\"potentialAction\":[{\"@type\":\"ReadAction\",\"target\":[\"https:\/\/ftavvocati.it\/index.php\/il-contratto-internazionale-di-distribuzione\/\"]}]},{\"@type\":\"BreadcrumbList\",\"@id\":\"https:\/\/ftavvocati.it\/index.php\/il-contratto-internazionale-di-distribuzione\/#breadcrumb\",\"itemListElement\":[{\"@type\":\"ListItem\",\"position\":1,\"name\":\"Home\",\"item\":\"https:\/\/ftavvocati.it\/\"},{\"@type\":\"ListItem\",\"position\":2,\"name\":\"Il contratto internazionale di distribuzione\"}]},{\"@type\":\"WebSite\",\"@id\":\"http:\/\/ftavvocati.it\/#website\",\"url\":\"http:\/\/ftavvocati.it\/\",\"name\":\"FTA avvocati\",\"description\":\"\",\"potentialAction\":[{\"@type\":\"SearchAction\",\"target\":{\"@type\":\"EntryPoint\",\"urlTemplate\":\"http:\/\/ftavvocati.it\/?s={search_term_string}\"},\"query-input\":\"required name=search_term_string\"}],\"inLanguage\":\"it-IT\"}]}<\/script>\n<!-- \/ Yoast SEO plugin. -->","yoast_head_json":{"title":"Il contratto internazionale di distribuzione - FTA avvocati","robots":{"index":"index","follow":"follow","max-snippet":"max-snippet:-1","max-image-preview":"max-image-preview:large","max-video-preview":"max-video-preview:-1"},"canonical":"https:\/\/ftavvocati.it\/index.php\/il-contratto-internazionale-di-distribuzione\/","og_locale":"it_IT","og_type":"article","og_title":"Il contratto internazionale di distribuzione - FTA avvocati","og_description":"In questa sezione sono pubblicati gli articoli relativi ai contratti di distribuzione all&#8217;estero (paesi UE ed extra UE), che sono tratti da casi simili a quelli seguiti da FTA avvocati.","og_url":"https:\/\/ftavvocati.it\/index.php\/il-contratto-internazionale-di-distribuzione\/","og_site_name":"FTA avvocati","article_modified_time":"2023-03-06T10:46:38+00:00","twitter_card":"summary_large_image","twitter_misc":{"Tempo di lettura stimato":"1 minuto"},"schema":{"@context":"https:\/\/schema.org","@graph":[{"@type":"WebPage","@id":"https:\/\/ftavvocati.it\/index.php\/il-contratto-internazionale-di-distribuzione\/","url":"https:\/\/ftavvocati.it\/index.php\/il-contratto-internazionale-di-distribuzione\/","name":"Il contratto internazionale di distribuzione - FTA avvocati","isPartOf":{"@id":"http:\/\/ftavvocati.it\/#website"},"datePublished":"2019-10-15T23:22:38+00:00","dateModified":"2023-03-06T10:46:38+00:00","breadcrumb":{"@id":"https:\/\/ftavvocati.it\/index.php\/il-contratto-internazionale-di-distribuzione\/#breadcrumb"},"inLanguage":"it-IT","potentialAction":[{"@type":"ReadAction","target":["https:\/\/ftavvocati.it\/index.php\/il-contratto-internazionale-di-distribuzione\/"]}]},{"@type":"BreadcrumbList","@id":"https:\/\/ftavvocati.it\/index.php\/il-contratto-internazionale-di-distribuzione\/#breadcrumb","itemListElement":[{"@type":"ListItem","position":1,"name":"Home","item":"https:\/\/ftavvocati.it\/"},{"@type":"ListItem","position":2,"name":"Il contratto internazionale di distribuzione"}]},{"@type":"WebSite","@id":"http:\/\/ftavvocati.it\/#website","url":"http:\/\/ftavvocati.it\/","name":"FTA avvocati","description":"","potentialAction":[{"@type":"SearchAction","target":{"@type":"EntryPoint","urlTemplate":"http:\/\/ftavvocati.it\/?s={search_term_string}"},"query-input":"required name=search_term_string"}],"inLanguage":"it-IT"}]}},"featured_image_src":null,"featured_image_src_square":null,"_links":{"self":[{"href":"https:\/\/ftavvocati.it\/index.php\/wp-json\/wp\/v2\/pages\/468"}],"collection":[{"href":"https:\/\/ftavvocati.it\/index.php\/wp-json\/wp\/v2\/pages"}],"about":[{"href":"https:\/\/ftavvocati.it\/index.php\/wp-json\/wp\/v2\/types\/page"}],"author":[{"embeddable":true,"href":"https:\/\/ftavvocati.it\/index.php\/wp-json\/wp\/v2\/users\/1"}],"replies":[{"embeddable":true,"href":"https:\/\/ftavvocati.it\/index.php\/wp-json\/wp\/v2\/comments?post=468"}],"version-history":[{"count":8,"href":"https:\/\/ftavvocati.it\/index.php\/wp-json\/wp\/v2\/pages\/468\/revisions"}],"predecessor-version":[{"id":1568,"href":"https:\/\/ftavvocati.it\/index.php\/wp-json\/wp\/v2\/pages\/468\/revisions\/1568"}],"wp:attachment":[{"href":"https:\/\/ftavvocati.it\/index.php\/wp-json\/wp\/v2\/media?parent=468"}],"curies":[{"name":"wp","href":"https:\/\/api.w.org\/{rel}","templated":true}]}}